{"id":209,"date":"2023-12-11T07:38:32","date_gmt":"2023-12-11T12:38:32","guid":{"rendered":"https:\/\/extractivas.propuestaciudadana.org.pe\/reporte-2023\/?page_id=209"},"modified":"2024-01-26T10:29:43","modified_gmt":"2024-01-26T15:29:43","slug":"produccion-minera","status":"publish","type":"page","link":"https:\/\/extractivas.propuestaciudadana.org.pe\/reporte-2023\/generacion-renta-sector-extractivo\/creacion-renta-minera\/produccion-minera\/","title":{"rendered":"1.1. La Producci\u00f3n minera"},"content":{"rendered":"<h3 class=\"wp-block-heading\" id=\"precios-de-exportacion\"><em>Participaci&oacute;n del sector minero en el producto bruto interno (PBI)<\/em><\/h3>\n\n\n\n<p>En el 2021, la econom&iacute;a peruana mostr&oacute; se&ntilde;ales de recuperaci&oacute;n luego del declive progresivo de la emergencia sanitaria y del retorno a la normalidad, siendo el sector minero uno de sus principales motores. En el 2020, el&nbsp;<a class=\"glossaryLink\"  aria-describedby=\"tt\"  data-cmtooltip=\"&lt;div class=glossaryItemBody&gt;&amp;lt;!-- wp:paragraph --&amp;gt;Valor de los bienes y servicios finales producidos en el pa&iacute;s a precios constantes tomando un a&ntilde;o de referencia.&amp;lt;br\/&amp;gt;&amp;lt;!-- \/wp:paragraph --&amp;gt;&lt;\/div&gt;\"  href=\"https:\/\/extractivas.propuestaciudadana.org.pe\/reporte-2023\/glossary\/pbi-real\/\"  data-gt-translate-attributes='[{\"attribute\":\"data-cmtooltip\", \"format\":\"html\"}]'  tabindex='0' role='link'>PBI real<\/a>&nbsp;de este sector sum&oacute; S\/ 42,663 millones, lo que signific&oacute; una ca&iacute;da del 14 % respecto al a&ntilde;o previo. Pero en el 2021, el&nbsp;PBI&nbsp;ascendi&oacute; a S\/ 46,794 millones, lo que represent&oacute; un rebote del 10 % frente a los valores mostrados el a&ntilde;o anterior. Sin embargo, es necesario resaltar que estas cifras a&uacute;n distan de los valores anteriores a la pandemia: el&nbsp;<a class=\"glossaryLink\"  aria-describedby=\"tt\"  data-cmtooltip=\"&lt;div class=glossaryItemBody&gt;&amp;lt;!-- wp:paragraph --&amp;gt;Valor de los bienes y servicios finales producidos en el pa&iacute;s a precios constantes tomando un a&ntilde;o de referencia.&amp;lt;br\/&amp;gt;&amp;lt;!-- \/wp:paragraph --&amp;gt;&lt;\/div&gt;\"  href=\"https:\/\/extractivas.propuestaciudadana.org.pe\/reporte-2023\/glossary\/pbi-real\/\"  data-gt-translate-attributes='[{\"attribute\":\"data-cmtooltip\", \"format\":\"html\"}]'  tabindex='0' role='link'>PBI real<\/a>&nbsp;del sector minero del 2019 fue 5 % mayor al mostrado en el 2021. La participaci&oacute;n del sector minero en el&nbsp;<a class=\"glossaryLink\"  aria-describedby=\"tt\"  data-cmtooltip=\"&lt;div class=glossaryItemBody&gt;&amp;lt;!-- wp:paragraph --&amp;gt;Valor de los bienes y servicios finales producidos en el pa&iacute;s a precios constantes tomando un a&ntilde;o de referencia.&amp;lt;br\/&amp;gt;&amp;lt;!-- \/wp:paragraph --&amp;gt;&lt;\/div&gt;\"  href=\"https:\/\/extractivas.propuestaciudadana.org.pe\/reporte-2023\/glossary\/pbi-real\/\"  data-gt-translate-attributes='[{\"attribute\":\"data-cmtooltip\", \"format\":\"html\"}]'  tabindex='0' role='link'>PBI real<\/a>&nbsp;total mantuvo un valor de 8 % durante el 2021, pero tal valor se encuentra ligeramente por debajo del promedio mostrado en los &uacute;ltimos a&ntilde;os. Se espera que para el a&ntilde;o 2022, durante el cual se vivi&oacute; un alza inusitada de los precios de los minerales en el primer y en el segundo trimestre del a&ntilde;o, el&nbsp;PBI&nbsp;minero muestre nuevos valores r&eacute;cord.<\/p>\n\n\n<div class=\"widget\"><div class=\"wp-block-group grafica\"><div class=\"wp-block-group__inner-container is-layout-constrained wp-block-group-is-layout-constrained\">\n    <script type=\"text\/javascript\">\n        if (typeof (wpDataCharts) == 'undefined') wpDataCharts = {};\n        wpDataCharts[1] = {\n            render_data: {\"wdtNumberFormat\":\"2\",\"options\":{\"title\":{\"text\":\"PBI real del sector minero y participaci\\u00f3n en el PBI total, 2010-2021\",\"floating\":false,\"align\":\"center\"},\"series\":[{\"type\":\"column\",\"name\":\"Miner\\u00eda met\\u00e1lica\",\"color\":\"#0A90C3\",\"label\":\"Miner\\u00eda met\\u00e1lica\",\"orig_header\":\"newcolumn1\",\"data\":[],\"yAxis\":0},{\"type\":\"spline\",\"name\":\"% Miner\\u00eda\",\"color\":\"#F1AB40\",\"label\":\"% Miner\\u00eda\",\"orig_header\":\"newcolumn2\",\"data\":[],\"yAxis\":1}],\"xAxis\":{\"categories\":[],\"crosshair\":true},\"yAxis\":[{\"gridLineDashStyle\":\"solid\",\"title\":{\"text\":\"millones de soles\"},\"crosshair\":false,\"min\":0,\"max\":60000},{\"title\":{\"text\":\"% Miner\\u00eda\"},\"opposite\":true}],\"chart\":{\"backgroundColor\":\"\",\"borderWidth\":0,\"borderColor\":\"\",\"borderRadius\":0,\"zoomType\":\"none\",\"panning\":false,\"panKey\":\"shift\",\"plotBackgroundColor\":\"\",\"plotBackgroundImage\":\"\",\"plotBorderColor\":\"\",\"plotBorderWidth\":0,\"inverted\":false},\"subtitle\":{\"text\":\"(en millones de soles del 2007 y porcentajes)\",\"align\":\"center\"},\"tooltip\":{\"enabled\":true,\"backgroundColor\":\"rgba(255, 255, 255, 0.85)\",\"borderWidth\":\"0\",\"borderColor\":\"\",\"borderRadius\":\"3\",\"shared\":true,\"valuePrefix\":\"\",\"valueSuffix\":\"\"},\"legend\":{\"enabled\":true,\"backgroundColor\":\"\",\"title\":{\"text\":\"\"},\"layout\":\"horizontal\",\"align\":\"center\",\"verticalAlign\":\"bottom\",\"borderWidth\":\"0\",\"borderColor\":\"\",\"borderRadius\":\"0\"},\"exporting\":{\"enabled\":false,\"chartOptions\":{\"plotOptions\":{\"series\":{\"dataLabels\":{\"enabled\":true}}}},\"filename\":\"\",\"width\":\"\",\"buttons\":{\"contextButton\":{\"align\":\"right\",\"verticalAlign\":\"top\",\"symbolStroke\":\"#666\",\"text\":\"\"}}},\"credits\":{\"enabled\":false,\"href\":\"https:\\\/\\\/www.highcharts.com\",\"text\":\"Highcharts.com\"}},\"type\":\"highcharts_basic_column_chart\",\"height\":400},\n            engine: \"highcharts\",\n            type: \"highcharts_basic_column_chart\",\n            title: \"PBI real del sector minero y participaci\u00f3n en el PBI total, 2010-2021\",\n            container: \"wpDataChart_1\",\n            follow_filtering: 0,\n            wpdatatable_id: 2,\n            group_chart: 0        }\n    <\/script>\n\n    <div id=\"wpDataChart_1\" class=\"highcharts_basic_column_chart\" style=\"width: 100%\"><\/div>\n<script>jQuery(window).on('load',function(){if(typeof wpDataChartsCallbacks == 'undefined'){ wpDataChartsCallbacks = {}; }wpDataChartsCallbacks[1] = function(obj){\n\t\t\t\t\tobj.options.plotOptions = { \n\t\t\t\t\t\tseries: { \n\t\t\t\t\t\t\tborderRadius: 0 \n\t\t\t\t\t\t} \n\t\t\t\t\t}\n\t\t\t\tobj.options.yAxis[0] = { \n\t\t\t\t\ttitle: { \n\t\t\t\t\t\tenabled: false \n\t\t\t\t\t}, \n\t\t\t\t\tlabels: { \n\t\t\t\t\t\tformatter: function () { \n\t\t\t\t\t\t\treturn '' + Highcharts.numberFormat(this.value, 0) + 'M'; \n\t\t\t\t\t\t} \n\t\t\t \t\t},\n\t\t\t \t\tmin: 0, \n\t\t\t \t\tmax: null, \n\t\t\t \t}\n\t\t\t \tobj.options.yAxis[1] = { \n\t\t\t \t\ttitle: { \n\t\t\t \t\t\tenabled: false \n\t\t\t \t\t}, \n\t\t\t \t\tlabels: { \n\t\t\t \t\t\tformatter: function () { \n\t\t\t \t\t\t\treturn '' + Highcharts.numberFormat(this.value, 0) + '%'; \n\t\t\t \t\t\t} \n\t\t\t \t\t},\n\t\t\t \t\topposite: true, \n\t\t\t \t\tmin: 0, \n\t\t\t \t\tmax: null, \n\t\t\t \t}\n\t\t\t \t\tobj.options.tooltip = { \n\t\t\t \t\t\tshared: true, \n\t\t\t \t\t\tstyle: { \n\t\t\t \t\t\t\tfontWeight: 'lighter',\n\t\t\t \t\t\t}, \n\t\t\t \t\t}\n\t\t\t \t\tobj.options.series[0].tooltip = { \n\t\t\t \t\t\tvalueDecimals: 0, \n\t\t\t \t\t\tvaluePrefix: '', \n\t\t\t \t\t\tvalueSuffix: 'M', \n\t\t\t \t\t}\n\t\t\t \t\tobj.options.series[1].tooltip = { \n\t\t\t \t\t\tvalueDecimals: 0, \n\t\t\t \t\t\tvaluePrefix: '', \n\t\t\t \t\t\tvalueSuffix: '%', \n\t\t\t \t\t}}});<\/script><div class=\"wp-block-group fuente\"><p class=\"has-text-align-right\">Banco Central de Reserva del Per&uacute; (BCRP). Elaboraci&oacute;n: GPC.<\/p><\/div><div class=\"wp-block-group fuente has-text-align-right\"><p>*Actualizado el 11.04.22.<\/p>\n<\/div><div class=\"wp-block-buttons is-content-justification-right is-layout-flex wp-container-core-buttons-layout-2 wp-block-buttons-is-layout-flex\"><div class=\"wp-block-button\"><a class=\"btn btn-small btn-download\" href=\"https:\/\/extractivas.propuestaciudadana.org.pe\/reporte-2023\/wp-content\/uploads\/sites\/3\/2023\/12\/g1.xlsx\" download=\"\"><i class=\"material-icons right\">file_download<\/i> Datos<\/a><\/div><\/div><\/div><\/div><div class=\"compartir\" data-url=\"https:\/\/extractivas.propuestaciudadana.org.pe\/reporte-2023\/grafico\/pbi-real-del-sector-minero-y-participacion-en-el-pbi-total-2010-2021\/\"><span class=\"share-text\">Compartir:<\/span><span class=\"social-share facebook\"><img decoding=\"async\" src=\"https:\/\/extractivas.propuestaciudadana.org.pe\/reporte-2023\/wp-content\/themes\/extractivas\/assets\/img\/icon-facebook.png\" alt=\"Facebook\"\/><\/span><span class=\"social-share twitter\"><img decoding=\"async\" src=\"https:\/\/extractivas.propuestaciudadana.org.pe\/reporte-2023\/wp-content\/themes\/extractivas\/assets\/img\/icon-twitter.png\" alt=\"Twitter\"\/><\/span><a href=\"https:\/\/api.whatsapp.com\/send?text=https:\/\/extractivas.propuestaciudadana.org.pe\/reporte-2023\/grafico\/pbi-real-del-sector-minero-y-participacion-en-el-pbi-total-2010-2021\/\" rel=\"noopener noreferrer\" target=\"_blank\" title=\"Whatsapp\"><img decoding=\"async\" src=\"https:\/\/extractivas.propuestaciudadana.org.pe\/reporte-2023\/wp-content\/themes\/extractivas\/assets\/img\/icon-whatsapp.png\" alt=\"Whatsapp\"\/><\/a><\/div><\/div>\n\n\n\n<h3 class=\"wp-block-heading\" id=\"precios-de-exportacion\"><em><em><em><em>Exportaciones mineras<\/em><\/em><\/em><\/em><\/h3>\n\n\n\n<p>En el 2021, el valor de las exportaciones de minerales alcanz&oacute; los USD 39,637 millones y represent&oacute; una participaci&oacute;n del 63 % en el total de las exportaciones nacionales: ambas cifras significan una nueva marca que supera incluso los mejores a&ntilde;os del superciclo minero (2011-2013). Las exportaciones mineras son la principal fuente de divisas. En promedio, representaron durante los &uacute;ltimos veinte a&ntilde;os cerca del 60 % de las exportaciones totales del pa&iacute;s, lo cual demuestra el car&aacute;cter primario del conjunto de bienes que vendemos a otros pa&iacute;ses. Pese a que la emergencia sanitaria erosion&oacute; los indicadores econ&oacute;micos nacionales &mdash;incluidos los del sector minero&mdash;, las exportaciones de minerales se recuperaron r&aacute;pidamente en el 2021 y siguieron representando cerca de las dos terceras partes de las exportaciones totales.<\/p>\n\n\n<div class=\"widget\"><div class=\"wp-block-group grafica\"><div class=\"wp-block-group__inner-container is-layout-constrained wp-block-group-is-layout-constrained\">\n    <script type=\"text\/javascript\">\n        if (typeof (wpDataCharts) == 'undefined') wpDataCharts = {};\n        wpDataCharts[3] = {\n            render_data: {\"wdtNumberFormat\":\"2\",\"options\":{\"title\":{\"text\":\"Participaci\\u00f3n del sector minero en el total de las exportaciones, 2021-2021\",\"floating\":false,\"align\":\"center\"},\"series\":[{\"type\":\"column\",\"name\":\"Exportaciones mineras\",\"color\":\"#0A90C3\",\"label\":\"Exportaciones mineras\",\"orig_header\":\"newcolumn1\",\"data\":[],\"yAxis\":0},{\"type\":\"spline\",\"name\":\"Participaci\\u00f3n en las exportaciones totales (%)\",\"color\":\"#F1AB40\",\"label\":\"Participaci\\u00f3n en las exportaciones totales (%)\",\"orig_header\":\"newcolumn2\",\"data\":[],\"yAxis\":1}],\"xAxis\":{\"categories\":[],\"crosshair\":true},\"yAxis\":[{\"gridLineDashStyle\":\"solid\",\"crosshair\":false,\"min\":0,\"max\":48000},{\"title\":{\"text\":\"Participaci\\u00f3n en las exportaciones totales (%)\"},\"opposite\":true}],\"chart\":{\"backgroundColor\":\"\",\"borderWidth\":0,\"borderColor\":\"\",\"borderRadius\":0,\"zoomType\":\"none\",\"panning\":false,\"panKey\":\"shift\",\"plotBackgroundColor\":\"\",\"plotBackgroundImage\":\"\",\"plotBorderColor\":\"\",\"plotBorderWidth\":0,\"inverted\":false},\"subtitle\":{\"text\":\"(en millones de d\\u00f3lares FOB y porcentajes)\",\"align\":\"center\"},\"tooltip\":{\"enabled\":true,\"backgroundColor\":\"rgba(255, 255, 255, 0.85)\",\"borderWidth\":\"0\",\"borderColor\":\"\",\"borderRadius\":\"3\",\"shared\":true,\"valuePrefix\":\"\",\"valueSuffix\":\"\"},\"legend\":{\"enabled\":true,\"backgroundColor\":\"\",\"title\":{\"text\":\"\"},\"layout\":\"horizontal\",\"align\":\"center\",\"verticalAlign\":\"bottom\",\"borderWidth\":\"0\",\"borderColor\":\"\",\"borderRadius\":\"0\"},\"exporting\":{\"enabled\":false,\"chartOptions\":{\"plotOptions\":{\"series\":{\"dataLabels\":{\"enabled\":false}}}},\"filename\":\"\",\"width\":\"\",\"buttons\":{\"contextButton\":{\"align\":\"right\",\"verticalAlign\":\"top\",\"symbolStroke\":\"#666\",\"text\":\"\"}}},\"credits\":{\"enabled\":false,\"href\":\"https:\\\/\\\/www.highcharts.com\",\"text\":\"Highcharts.com\"}},\"type\":\"highcharts_basic_column_chart\",\"height\":400},\n            engine: \"highcharts\",\n            type: \"highcharts_basic_column_chart\",\n            title: \"Participaci\u00f3n del sector minero en el total de las exportaciones, 2021-2021\",\n            container: \"wpDataChart_3\",\n            follow_filtering: 0,\n            wpdatatable_id: 3,\n            group_chart: 0        }\n    <\/script>\n\n    <div id=\"wpDataChart_3\" class=\"highcharts_basic_column_chart\" style=\"width: 100%\"><\/div>\n<script>jQuery(window).on('load',function(){if(typeof wpDataChartsCallbacks == 'undefined'){ wpDataChartsCallbacks = {}; }wpDataChartsCallbacks[3] = function(obj){\n\t\t\t\t\tobj.options.plotOptions = { \n\t\t\t\t\t\tseries: { \n\t\t\t\t\t\t\tborderRadius: 0 \n\t\t\t\t\t\t} \n\t\t\t\t\t}\n\t\t\t\tobj.options.yAxis[0] = { \n\t\t\t\t\ttitle: { \n\t\t\t\t\t\tenabled: false \n\t\t\t\t\t}, \n\t\t\t\t\tlabels: { \n\t\t\t\t\t\tformatter: function () { \n\t\t\t\t\t\t\treturn '' + Highcharts.numberFormat(this.value, 0) + 'M'; \n\t\t\t\t\t\t} \n\t\t\t \t\t},\n\t\t\t \t\tmin: 0, \n\t\t\t \t\tmax: null, \n\t\t\t \t}\n\t\t\t \tobj.options.yAxis[1] = { \n\t\t\t \t\ttitle: { \n\t\t\t \t\t\tenabled: false \n\t\t\t \t\t}, \n\t\t\t \t\tlabels: { \n\t\t\t \t\t\tformatter: function () { \n\t\t\t \t\t\t\treturn '' + Highcharts.numberFormat(this.value, 0) + '%'; \n\t\t\t \t\t\t} \n\t\t\t \t\t},\n\t\t\t \t\topposite: true, \n\t\t\t \t\tmin: 0, \n\t\t\t \t\tmax: null, \n\t\t\t \t}\n\t\t\t \t\tobj.options.tooltip = { \n\t\t\t \t\t\tshared: true, \n\t\t\t \t\t\tstyle: { \n\t\t\t \t\t\t\tfontWeight: 'lighter',\n\t\t\t \t\t\t}, \n\t\t\t \t\t}\n\t\t\t \t\tobj.options.series[0].tooltip = { \n\t\t\t \t\t\tvalueDecimals: 0, \n\t\t\t \t\t\tvaluePrefix: '', \n\t\t\t \t\t\tvalueSuffix: 'M', \n\t\t\t \t\t}\n\t\t\t \t\tobj.options.series[1].tooltip = { \n\t\t\t \t\t\tvalueDecimals: 0, \n\t\t\t \t\t\tvaluePrefix: '', \n\t\t\t \t\t\tvalueSuffix: '%', \n\t\t\t \t\t}}});<\/script><div class=\"wp-block-group fuente\"><p class=\"has-text-align-right\">Banco Central de Reserva del Per&uacute; (BCRP). Elaboraci&oacute;n: GPC.<\/p><\/div><div class=\"wp-block-group fuente has-text-align-right\"><p>*Actualizado el 12.04.22.<\/p>\n<\/div><div class=\"wp-block-buttons is-content-justification-right is-layout-flex wp-container-core-buttons-layout-2 wp-block-buttons-is-layout-flex\"><div class=\"wp-block-button\"><a class=\"btn btn-small btn-download\" href=\"https:\/\/extractivas.propuestaciudadana.org.pe\/reporte-2023\/wp-content\/uploads\/sites\/3\/2023\/12\/g2.xlsx\" download=\"\"><i class=\"material-icons right\">file_download<\/i> Datos<\/a><\/div><\/div><\/div><\/div><div class=\"compartir\" data-url=\"https:\/\/extractivas.propuestaciudadana.org.pe\/reporte-2023\/grafico\/participacion-del-sector-minero-en-el-total-de-las-exportaciones-2021-2021\/\"><span class=\"share-text\">Compartir:<\/span><span class=\"social-share facebook\"><img decoding=\"async\" src=\"https:\/\/extractivas.propuestaciudadana.org.pe\/reporte-2023\/wp-content\/themes\/extractivas\/assets\/img\/icon-facebook.png\" alt=\"Facebook\"\/><\/span><span class=\"social-share twitter\"><img decoding=\"async\" src=\"https:\/\/extractivas.propuestaciudadana.org.pe\/reporte-2023\/wp-content\/themes\/extractivas\/assets\/img\/icon-twitter.png\" alt=\"Twitter\"\/><\/span><a href=\"https:\/\/api.whatsapp.com\/send?text=https:\/\/extractivas.propuestaciudadana.org.pe\/reporte-2023\/grafico\/participacion-del-sector-minero-en-el-total-de-las-exportaciones-2021-2021\/\" rel=\"noopener noreferrer\" target=\"_blank\" title=\"Whatsapp\"><img decoding=\"async\" src=\"https:\/\/extractivas.propuestaciudadana.org.pe\/reporte-2023\/wp-content\/themes\/extractivas\/assets\/img\/icon-whatsapp.png\" alt=\"Whatsapp\"\/><\/a><\/div><\/div>\n\n\n\n<h3 class=\"wp-block-heading\" id=\"precios-de-exportacion\"><em><em><em><em><em>Producci&oacute;n seg&uacute;n mineral<\/em><\/em><\/em><\/em><\/em><\/h3>\n\n\n\n<p>La producci&oacute;n de seis minerales clave mostr&oacute; una recuperaci&oacute;n en relaci&oacute;n con las cifras mostradas en el 2020. Entre los metales preciosos, el oro aument&oacute; su producci&oacute;n en 15 % y la plata, en 20 %, alcanzando vol&uacute;menes de 97,000 y 3,331,000 toneladas respectivamente. La producci&oacute;n de cobre &mdash;principal mineral de exportaci&oacute;n&mdash; aument&oacute; en 8 %, sumando 2,326,000 toneladas, cifra que posiciona al Per&uacute; entre los principales pa&iacute;ses productores de este mineral, junto con Chile y China. En cuanto al resto de minerales industriales, la producci&oacute;n de zinc aument&oacute; en 15 %; la de esta&ntilde;o, en 31 %; la de hierro, en 37 %, la de plomo, en 9 %; y la de molibdeno, en 6 %.<\/p>\n\n\n<div class=\"widget\" id=\"cuadro-483\"><div class=\"compartir\" data-url=\"https:\/\/extractivas.propuestaciudadana.org.pe\/reporte-2023\/cuadro\/volumen-de-la-produccion-de-los-principales-minerales-2010-2021\/\"><span class=\"share-text\">Compartir:<\/span><span class=\"social-share facebook\">FB<\/span><span class=\"social-share twitter\">TW<\/span><\/div><\/div>\n\n\n\n<h3 class=\"wp-block-heading\" id=\"precios-de-exportacion\"><em><em><em><em><em><em>La producci&oacute;n de cobre<\/em><\/em><\/em><\/em><\/em><\/em><\/h3>\n\n\n\n<p>En el 2021, un total de seis empresas concentraron cerca del 85 % de la producci&oacute;n nacional de cobre. En relaci&oacute;n con el a&ntilde;o previo, la producci&oacute;n agregada de este mineral aument&oacute; en 8 %. Pese a ello, es posible advertir que empresas como Antapaccay, Las Bambas, Cerro Verde y Southern no lograron recuperar sus niveles de producci&oacute;n anteriores a la pandemia; solo lo hicieron Chinalco y Antamina. la raz&oacute;n puede hallarse en la paralizaci&oacute;n de las operaciones debido a conflictos mineros en sus &aacute;reas de influencia. Se espera que el volumen de producci&oacute;n de este mineral se mantenga al alza durante los pr&oacute;ximos a&ntilde;os con el inicio de operaciones de los proyectos Mina Justa, en Ica, y Quellaveco, en Moquegua.<\/p>\n\n\n<div class=\"widget\" id=\"cuadro-484\"><div class=\"compartir\" data-url=\"https:\/\/extractivas.propuestaciudadana.org.pe\/reporte-2023\/cuadro\/produccion-de-cobre-2016-2021\/\"><span class=\"share-text\">Compartir:<\/span><span class=\"social-share facebook\">FB<\/span><span class=\"social-share twitter\">TW<\/span><\/div><\/div>\n\n\n\n<h3 class=\"wp-block-heading\" id=\"los-precios-del-cobre-y-oro\"><em><em><em>La producci&oacute;n artesanal de oro<\/em><\/em><\/em><\/h3>\n\n\n\n<p>La producci&oacute;n de oro artesanal reportada por los organismos oficiales ha ca&iacute;do a niveles m&iacute;nimos. En el 2019, pas&oacute; de 19 a 15 toneladas; en el 2020, de 15 a 3 toneladas; y en el 2021, tan solo se produjo 1 tonelada. La producci&oacute;n de oro artesanal alcanz&oacute; su valor m&aacute;s bajo en d&eacute;cadas y actualmente representa tan solo el 1.1 % del total de oro producido a nivel nacional, pese a que en el 2016 su participaci&oacute;n llegaba al 16.4 %.<\/p>\n\n\n\n<p>En nuestro reporte Vigilancia de las industrias extractivas N&deg; 25<sup>3<\/sup>, se advirti&oacute; que las medidas de confinamiento social habr&iacute;an llevado a la producci&oacute;n artesanal de oro a su punto m&aacute;s bajo. Sin embargo, tomando las evidencias que muestran un repunte de la actividad minera en esta modalidad y la apertura de nuevas fronteras extractivas<sup>4<\/sup>. Para el 2021, consideramos que se tratar&iacute;a de un subreporte de la producci&oacute;n, resultado del deterioro de las labores de recolecci&oacute;n de informaci&oacute;n que se observa en la actual gesti&oacute;n gubernamental.<\/p>\n\n\n<div class=\"widget\"><div class=\"wp-block-group grafica\"><div class=\"wp-block-group__inner-container is-layout-constrained wp-block-group-is-layout-constrained\">\n    <script type=\"text\/javascript\">\n        if (typeof (wpDataCharts) == 'undefined') wpDataCharts = {};\n        wpDataCharts[4] = {\n            render_data: {\"wdtNumberFormat\":\"2\",\"options\":{\"title\":{\"text\":\"Participaci\\u00f3n de la producci\\u00f3n de oro artesanal en el total de la producci\\u00f3n de oro, 2016-2021\",\"floating\":false,\"align\":\"center\"},\"series\":[{\"type\":\"column\",\"name\":\"Oro artesanal\",\"color\":\"#0A90C3\",\"label\":\"Oro artesanal\",\"orig_header\":\"newcolumn1\",\"data\":[],\"yAxis\":0}],\"xAxis\":{\"categories\":[],\"crosshair\":true},\"yAxis\":[{\"gridLineDashStyle\":\"solid\",\"crosshair\":false}],\"chart\":{\"backgroundColor\":\"\",\"borderWidth\":0,\"borderColor\":\"\",\"borderRadius\":0,\"zoomType\":\"none\",\"panning\":false,\"panKey\":\"shift\",\"plotBackgroundColor\":\"\",\"plotBackgroundImage\":\"\",\"plotBorderColor\":\"\",\"plotBorderWidth\":0,\"inverted\":false},\"subtitle\":{\"text\":\"(porcentaje)\",\"align\":\"center\"},\"tooltip\":{\"enabled\":true,\"backgroundColor\":\"rgba(255, 255, 255, 0.85)\",\"borderWidth\":\"1\",\"borderColor\":\"\",\"borderRadius\":\"0\",\"shared\":false,\"valuePrefix\":\"\",\"valueSuffix\":\"%\"},\"legend\":{\"enabled\":true,\"backgroundColor\":\"\",\"title\":{\"text\":\"\"},\"layout\":\"horizontal\",\"align\":\"center\",\"verticalAlign\":\"bottom\",\"borderWidth\":\"0\",\"borderColor\":\"\",\"borderRadius\":\"0\"},\"exporting\":{\"enabled\":false,\"chartOptions\":{\"plotOptions\":{\"series\":{\"dataLabels\":{\"enabled\":false}}}},\"filename\":\"\",\"width\":\"\",\"buttons\":{\"contextButton\":{\"align\":\"right\",\"verticalAlign\":\"top\",\"symbolStroke\":\"#666\",\"text\":\"\"}}},\"credits\":{\"enabled\":false,\"href\":\"https:\\\/\\\/www.highcharts.com\",\"text\":\"Highcharts.com\"}},\"type\":\"highcharts_basic_column_chart\",\"height\":400},\n            engine: \"highcharts\",\n            type: \"highcharts_basic_column_chart\",\n            title: \"Participaci\u00f3n de la producci\u00f3n de oro artesanal en el total de la producci\u00f3n de oro, 2016-2021\",\n            container: \"wpDataChart_4\",\n            follow_filtering: 0,\n            wpdatatable_id: 5,\n            group_chart: 0        }\n    <\/script>\n\n    <div id=\"wpDataChart_4\" class=\"highcharts_basic_column_chart\" style=\"width: 100%\"><\/div>\n<script>jQuery(window).on('load',function(){if(typeof wpDataChartsCallbacks == 'undefined'){ wpDataChartsCallbacks = {}; }wpDataChartsCallbacks[4] = function(obj){\n\t\t\t\t\tobj.options.plotOptions = { \n\t\t\t\t\t\tseries: { \n\t\t\t\t\t\t\tborderRadius: 0 \n\t\t\t\t\t\t} \n\t\t\t\t\t}\n\t\t\t\tobj.options.yAxis = { \n\t\t\t\t\ttitle: { \n\t\t\t\t\t\tenabled: false \n\t\t\t\t\t}, \n\t\t\t\t\tlabels: { \n\t\t\t\t\t\tformatter: function () { \n\t\t\t\t\t\t\treturn '' + Highcharts.numberFormat(this.value, 0) + '%'; \n\t\t\t\t\t\t} \n\t\t\t\t\t},\n\t\t\t\t\tmin: 0, \n\t\t\t\t\tmax: null, \n\t\t\t\t}\n\t\t\t\t\tobj.options.tooltip = { \n\t\t\t\t\t\tstyle: { \n\t\t\t\t\t\t\tfontWeight: 'lighter', \n\t\t\t\t\t\t}, \n\t\t\t\t\t\tvalueDecimals: 0, \n\t\t\t\t\t\tvaluePrefix: '', \n\t\t\t\t\t\tvalueSuffix: '%', \n\t\t\t\t\t}}});<\/script><div class=\"wp-block-group fuente\"><p class=\"has-text-align-right\">Ministerio de Energ&iacute;a y Minas (Minem). Elaboraci&oacute;n: GPC.<\/p><\/div><div class=\"wp-block-buttons is-content-justification-right is-layout-flex wp-container-core-buttons-layout-2 wp-block-buttons-is-layout-flex\"><div class=\"wp-block-button\"><a class=\"btn btn-small btn-download\" href=\"https:\/\/extractivas.propuestaciudadana.org.pe\/reporte-2023\/wp-content\/uploads\/sites\/3\/2023\/12\/g3.xlsx\" download=\"\"><i class=\"material-icons right\">file_download<\/i> Datos<\/a><\/div><\/div><\/div><\/div><div class=\"compartir\" data-url=\"https:\/\/extractivas.propuestaciudadana.org.pe\/reporte-2023\/grafico\/participacion-de-la-produccion-de-oro-artesanal-en-el-total-de-la-produccion-de-oro-2016-2021\/\"><span class=\"share-text\">Compartir:<\/span><span class=\"social-share facebook\"><img decoding=\"async\" src=\"https:\/\/extractivas.propuestaciudadana.org.pe\/reporte-2023\/wp-content\/themes\/extractivas\/assets\/img\/icon-facebook.png\" alt=\"Facebook\"\/><\/span><span class=\"social-share twitter\"><img decoding=\"async\" src=\"https:\/\/extractivas.propuestaciudadana.org.pe\/reporte-2023\/wp-content\/themes\/extractivas\/assets\/img\/icon-twitter.png\" alt=\"Twitter\"\/><\/span><a href=\"https:\/\/api.whatsapp.com\/send?text=https:\/\/extractivas.propuestaciudadana.org.pe\/reporte-2023\/grafico\/participacion-de-la-produccion-de-oro-artesanal-en-el-total-de-la-produccion-de-oro-2016-2021\/\" rel=\"noopener noreferrer\" target=\"_blank\" title=\"Whatsapp\"><img decoding=\"async\" src=\"https:\/\/extractivas.propuestaciudadana.org.pe\/reporte-2023\/wp-content\/themes\/extractivas\/assets\/img\/icon-whatsapp.png\" alt=\"Whatsapp\"\/><\/a><\/div><\/div>\n\n\n<div class=\"widget\"><div class=\"wp-block-group grafica\"><div class=\"wp-block-group__inner-container is-layout-constrained wp-block-group-is-layout-constrained\">\n    <script type=\"text\/javascript\">\n        if (typeof (wpDataCharts) == 'undefined') wpDataCharts = {};\n        wpDataCharts[8] = {\n            render_data: {\"wdtNumberFormat\":\"2\",\"options\":{\"title\":{\"text\":\"Participaci\\u00f3n de la producci\\u00f3n de oro artesanal en el total de la producci\\u00f3n de oro, 2016-2021\",\"floating\":false,\"align\":\"center\"},\"series\":[{\"type\":\"column\",\"name\":\"Piura\",\"color\":\"#0A90C3\",\"label\":\"Piura\",\"orig_header\":\"piura\",\"data\":[],\"yAxis\":0},{\"type\":\"column\",\"name\":\"Arequipa\",\"color\":\"#00AFC0\",\"label\":\"Arequipa\",\"orig_header\":\"arequipa\",\"data\":[],\"yAxis\":0},{\"type\":\"column\",\"name\":\"Puno\",\"color\":\"#0078AF\",\"label\":\"Puno\",\"orig_header\":\"puno\",\"data\":[],\"yAxis\":0},{\"type\":\"column\",\"name\":\"Madre de Dios\",\"color\":\"#8A76B6\",\"label\":\"Madre de Dios\",\"orig_header\":\"madrededios\",\"data\":[],\"yAxis\":0},{\"type\":\"\",\"name\":\"Prod. total aur\\u00edfera\",\"color\":\"#F1AB40\",\"label\":\"Prod. total aur\\u00edfera\",\"orig_header\":\"prodtotalaurfera\",\"data\":[],\"yAxis\":1}],\"xAxis\":{\"categories\":[],\"crosshair\":true},\"yAxis\":[{\"gridLineDashStyle\":\"solid\",\"crosshair\":false},[],[],[],{\"title\":{\"text\":\"Prod. total aur\\u00edfera\"},\"opposite\":true}],\"chart\":{\"backgroundColor\":\"\",\"borderWidth\":0,\"borderColor\":\"\",\"borderRadius\":0,\"zoomType\":\"none\",\"panning\":false,\"panKey\":\"shift\",\"plotBackgroundColor\":\"\",\"plotBackgroundImage\":\"\",\"plotBorderColor\":\"\",\"plotBorderWidth\":0,\"inverted\":false},\"subtitle\":{\"text\":\"(toneladas)\",\"align\":\"center\"},\"tooltip\":{\"enabled\":true,\"backgroundColor\":\"rgba(255, 255, 255, 0.85)\",\"borderWidth\":\"0\",\"borderColor\":\"\",\"borderRadius\":\"3\",\"shared\":true,\"valuePrefix\":\"S\\\/.\",\"valueSuffix\":\"M\"},\"legend\":{\"enabled\":true,\"backgroundColor\":\"\",\"title\":{\"text\":\"\"},\"layout\":\"horizontal\",\"align\":\"center\",\"verticalAlign\":\"bottom\",\"borderWidth\":\"0\",\"borderColor\":\"\",\"borderRadius\":\"0\"},\"exporting\":{\"enabled\":false,\"chartOptions\":{\"plotOptions\":{\"series\":{\"dataLabels\":{\"enabled\":false}}}},\"filename\":\"\",\"width\":\"\",\"buttons\":{\"contextButton\":{\"align\":\"right\",\"verticalAlign\":\"top\",\"symbolStroke\":\"#666\",\"text\":\"\"}}},\"credits\":{\"enabled\":false,\"href\":\"https:\\\/\\\/www.highcharts.com\",\"text\":\"Highcharts.com\"}},\"type\":\"highcharts_spline_chart\",\"height\":400},\n            engine: \"highcharts\",\n            type: \"highcharts_spline_chart\",\n            title: \"Participaci\u00f3n de la producci\u00f3n de oro artesanal en el total de la producci\u00f3n de oro, 2016-2021\",\n            container: \"wpDataChart_8\",\n            follow_filtering: 0,\n            wpdatatable_id: 8,\n            group_chart: 0        }\n    <\/script>\n\n    <div id=\"wpDataChart_8\" class=\"highcharts_spline_chart\" style=\"width: 100%\"><\/div>\n<script>jQuery(window).on('load',function(){if(typeof wpDataChartsCallbacks == 'undefined'){ wpDataChartsCallbacks = {}; }wpDataChartsCallbacks[8] = function(obj){\n\t\t\t\t\tobj.options.plotOptions = {\n  \t\t\t\t\tseries: {\n  \t\t\t\t\t\tstacking: 'normal',\n  \t\t\t\t\t\tborderWidth: 0,\n  \t\t\t\t\t\tborderRadius: 0\n  \t\t\t\t\t}\n  \t\t\t\t}\n\t\t\t\tobj.options.yAxis[0] = { \n\t\t\t\t\ttitle: { \n\t\t\t\t\t\tenabled: false \n\t\t\t\t\t}, \n\t\t\t\t\tlabels: { \n\t\t\t\t\t\tformatter: function () { \n\t\t\t\t\t\t\treturn '' + Highcharts.numberFormat(this.value, 0) + 'M'; \n\t\t\t\t\t\t} \n\t\t\t \t\t},\n\t\t\t \t\t  stackLabels: {\n    \t\t\t\t\tenabled: true,\n    \t\t\t\t\talign: 'center',\n    \t\t\t\t\tformatter: function () { \n\t\t\t \t\t\t\t\treturn '' + Highcharts.numberFormat(this.total, 0) + 'M'; \n\t\t\t \t\t\t\t},\n    \t\t\t\t\tstyle: {\n      \t\t\t\t\tfontWeight: 'ligther',\n      \t\t\t\t\tborderWidth: 0,\n      \t\t\t\t\tcolor: '#333333',\n      \t\t\t\t\ttextOutline: 0,\n      \t\t\t\t},\n      \t\t\t},\n\t\t\t \t\tmin: 0, \n\t\t\t \t\tmax: null, \n\t\t\t \t}\n\t\t\t \tobj.options.yAxis[1] = { \n\t\t\t \t\ttitle: { \n\t\t\t \t\t\tenabled: false \n\t\t\t \t\t}, \n\t\t\t \t\tlabels: { \n\t\t\t \t\t\tformatter: function () { \n\t\t\t \t\t\t\treturn '' + Highcharts.numberFormat(this.value, 0) + 'M'; \n\t\t\t \t\t\t} \n\t\t\t \t\t},\n\t\t\t \t\topposite: true, \n\t\t\t \t\tmin: 0, \n\t\t\t \t\tmax: null, \n\t\t\t \t}\n\t\t\t\t\t\tobj.options.tooltip = {\n  \t\t\t\t\t\tshared: true,\n  \t\t\t\t\t\tstyle: {\n    \t\t\t\t\t\tfontWeight: 'lighter',\n  \t\t\t\t\t\t},\n  \t\t\t\t\t\tvaluePrefix: 'S\/.', \n\t\t\t \t\t\t\tvalueSuffix: 'M',\n\t\t\t\t\t}}});<\/script><div class=\"wp-block-group fuente\"><p class=\"has-text-align-right\">Ministerio de Energ&iacute;a y Minas (Minem). Elaboraci&oacute;n: GPC.<\/p><\/div><div class=\"wp-block-buttons is-content-justification-right is-layout-flex wp-container-core-buttons-layout-2 wp-block-buttons-is-layout-flex\"><div class=\"wp-block-button\"><a class=\"btn btn-small btn-download\" href=\"https:\/\/extractivas.propuestaciudadana.org.pe\/reporte-2023\/wp-content\/uploads\/sites\/3\/2023\/12\/g3.1.xlsx\" download=\"\"><i class=\"material-icons right\">file_download<\/i> Datos<\/a><\/div><\/div><\/div><\/div><div class=\"compartir\" data-url=\"https:\/\/extractivas.propuestaciudadana.org.pe\/reporte-2023\/grafico\/participacion-de-la-produccion-de-oro-artesanal-en-el-total-de-la-produccion-de-oro-2016-2021-2\/\"><span class=\"share-text\">Compartir:<\/span><span class=\"social-share facebook\"><img decoding=\"async\" src=\"https:\/\/extractivas.propuestaciudadana.org.pe\/reporte-2023\/wp-content\/themes\/extractivas\/assets\/img\/icon-facebook.png\" alt=\"Facebook\"\/><\/span><span class=\"social-share twitter\"><img decoding=\"async\" src=\"https:\/\/extractivas.propuestaciudadana.org.pe\/reporte-2023\/wp-content\/themes\/extractivas\/assets\/img\/icon-twitter.png\" alt=\"Twitter\"\/><\/span><a href=\"https:\/\/api.whatsapp.com\/send?text=https:\/\/extractivas.propuestaciudadana.org.pe\/reporte-2023\/grafico\/participacion-de-la-produccion-de-oro-artesanal-en-el-total-de-la-produccion-de-oro-2016-2021-2\/\" rel=\"noopener noreferrer\" target=\"_blank\" title=\"Whatsapp\"><img decoding=\"async\" src=\"https:\/\/extractivas.propuestaciudadana.org.pe\/reporte-2023\/wp-content\/themes\/extractivas\/assets\/img\/icon-whatsapp.png\" alt=\"Whatsapp\"\/><\/a><\/div><\/div>\n\n\n\n<div id=\"notas\" class=\"wp-block-group notas\"><div class=\"wp-block-group__inner-container is-layout-constrained wp-block-group-is-layout-constrained\">\n<p><sup>1<\/sup> Organizaci&oacute;n para la Cooperaci&oacute;n y el Desarrollo Econ&oacute;micos &ndash; OCDE, Banco de Desarrollo de Am&eacute;rica Latina &ndash; CAF, Comisi&oacute;n Europea. (2021). Perspectivas econ&oacute;micas de Am&eacute;rica Latina 2021: Avanzando juntos hacia una mejor recuperaci&oacute;n. OECD Publishing, Paris. <a href=\"https:\/\/doi.org\/10.1787\/2958a75d-es\" target=\"_blank\" rel=\"noreferrer noopener\">https:\/\/doi.org\/10.1787\/2958a75d-es<\/a><\/p>\n\n\n\n<p><sup>2<\/sup> Grupo Propuesta Ciudadana. (9 de mayo del 2022). Per&uacute; fue suspendido de iniciativa mundial de transparencia del sector extractivo.<a href=\"https:\/\/propuestaciudadana.org.pe\/comunicaciones\/peru-fue-suspendido-de-iniciativa-mundial-de-transparencia-del-sector-extractivo\/\" target=\"_blank\" rel=\"noreferrer noopener\">https:\/\/propuestaciudadana.org.pe\/comunicaciones\/peru-fue-suspendido-de-iniciativa-mundial-de-transparencia-del-sector-extractivo\/<\/a><\/p>\n<\/div><\/div>\n","protected":false},"excerpt":{"rendered":"<p>Participaci&oacute;n del sector minero en el producto bruto interno (PBI) En el 2021, la econom&iacute;a peruana mostr&oacute; se&ntilde;ales de recuperaci&oacute;n luego del declive progresivo de la emergencia sanitaria y del retorno a la normalidad, siendo el sector minero uno de sus principales motores. En el 2020, el&nbsp;<a class=\"glossaryLink\" aria-describedby=\"tt\" data-cmtooltip=\"&lt;div class=glossaryItemBody&gt;&amp;lt;!-- wp:paragraph --&amp;gt;Valor de los bienes y servicios finales producidos en el pa&iacute;s a precios constantes tomando un a&ntilde;o de referencia.&amp;lt;br\/&amp;gt;&amp;lt;!-- \/wp:paragraph --&amp;gt;&lt;\/div&gt;\" href=\"https:\/\/extractivas.propuestaciudadana.org.pe\/reporte-2023\/glossary\/pbi-real\/\" data-gt-translate-attributes=\"[{&quot;attribute&quot;:&quot;data-cmtooltip&quot;, &quot;format&quot;:&quot;html&quot;}]\" tabindex=\"0\" role=\"link\">PBI real<\/a>&nbsp;de este sector sum&oacute; S\/ 42,663 millones, lo [&hellip;]<\/p>\n","protected":false},"author":1,"featured_media":0,"parent":15,"menu_order":4,"comment_status":"closed","ping_status":"closed","template":"","meta":{"_acf_changed":false,"footnotes":""},"class_list":["post-209","page","type-page","status-publish","hentry"],"acf":[],"yoast_head":"<!-- This site is optimized with the Yoast SEO plugin v25.5 - https:\/\/yoast.com\/wordpress\/plugins\/seo\/ -->\n<title>Reporte N\u00aa27 - 1.1. La Producci\u00f3n minera<\/title>\n<meta name=\"robots\" content=\"index, follow, max-snippet:-1, max-image-preview:large, max-video-preview:-1\" \/>\n<link rel=\"canonical\" href=\"https:\/\/extractivas.propuestaciudadana.org.pe\/reporte-2023\/generacion-renta-sector-extractivo\/creacion-renta-minera\/produccion-minera\/\" \/>\n<meta property=\"og:locale\" content=\"es_ES\" \/>\n<meta property=\"og:type\" content=\"article\" \/>\n<meta property=\"og:title\" content=\"Reporte N\u00aa27 - 1.1. La Producci\u00f3n minera\" \/>\n<meta property=\"og:description\" content=\"Participaci&oacute;n del sector minero en el producto bruto interno (PBI) En el 2021, la econom&iacute;a peruana mostr&oacute; se&ntilde;ales de recuperaci&oacute;n luego del declive progresivo de la emergencia sanitaria y del retorno a la normalidad, siendo el sector minero uno de sus principales motores. En el 2020, el&nbsp;PBI real&nbsp;de este sector sum&oacute; S\/ 42,663 millones, lo [&hellip;]\" \/>\n<meta property=\"og:url\" content=\"https:\/\/extractivas.propuestaciudadana.org.pe\/reporte-2023\/generacion-renta-sector-extractivo\/creacion-renta-minera\/produccion-minera\/\" \/>\n<meta property=\"og:site_name\" content=\"Reporte N\u00aa27\" \/>\n<meta property=\"article:modified_time\" content=\"2024-01-26T15:29:43+00:00\" \/>\n<meta name=\"twitter:card\" content=\"summary_large_image\" \/>\n<meta name=\"twitter:label1\" content=\"Tiempo de lectura\" \/>\n\t<meta name=\"twitter:data1\" content=\"4 minutos\" \/>\n<script type=\"application\/ld+json\" class=\"yoast-schema-graph\">{\"@context\":\"https:\/\/schema.org\",\"@graph\":[{\"@type\":\"WebPage\",\"@id\":\"https:\/\/extractivas.propuestaciudadana.org.pe\/reporte-2023\/generacion-renta-sector-extractivo\/creacion-renta-minera\/produccion-minera\/\",\"url\":\"https:\/\/extractivas.propuestaciudadana.org.pe\/reporte-2023\/generacion-renta-sector-extractivo\/creacion-renta-minera\/produccion-minera\/\",\"name\":\"Reporte N\u00aa27 - 1.1. La Producci\u00f3n minera\",\"isPartOf\":{\"@id\":\"https:\/\/extractivas.propuestaciudadana.org.pe\/reporte-2023\/#website\"},\"datePublished\":\"2023-12-11T12:38:32+00:00\",\"dateModified\":\"2024-01-26T15:29:43+00:00\",\"breadcrumb\":{\"@id\":\"https:\/\/extractivas.propuestaciudadana.org.pe\/reporte-2023\/generacion-renta-sector-extractivo\/creacion-renta-minera\/produccion-minera\/#breadcrumb\"},\"inLanguage\":\"es\",\"potentialAction\":[{\"@type\":\"ReadAction\",\"target\":[\"https:\/\/extractivas.propuestaciudadana.org.pe\/reporte-2023\/generacion-renta-sector-extractivo\/creacion-renta-minera\/produccion-minera\/\"]}]},{\"@type\":\"BreadcrumbList\",\"@id\":\"https:\/\/extractivas.propuestaciudadana.org.pe\/reporte-2023\/generacion-renta-sector-extractivo\/creacion-renta-minera\/produccion-minera\/#breadcrumb\",\"itemListElement\":[{\"@type\":\"ListItem\",\"position\":1,\"name\":\"II. Generaci\u00f3n de la renta en el sector extractivo\",\"item\":\"https:\/\/extractivas.propuestaciudadana.org.pe\/reporte-2023\/generacion-renta-sector-extractivo\/\"},{\"@type\":\"ListItem\",\"position\":2,\"name\":\"1. Creaci\u00f3n de la renta minera\",\"item\":\"https:\/\/extractivas.propuestaciudadana.org.pe\/reporte-2023\/generacion-renta-sector-extractivo\/creacion-renta-minera\/\"},{\"@type\":\"ListItem\",\"position\":3,\"name\":\"1.1. La Producci\u00f3n minera\"}]},{\"@type\":\"WebSite\",\"@id\":\"https:\/\/extractivas.propuestaciudadana.org.pe\/reporte-2023\/#website\",\"url\":\"https:\/\/extractivas.propuestaciudadana.org.pe\/reporte-2023\/\",\"name\":\"Reporte N\u00aa27\",\"description\":\"\",\"potentialAction\":[{\"@type\":\"SearchAction\",\"target\":{\"@type\":\"EntryPoint\",\"urlTemplate\":\"https:\/\/extractivas.propuestaciudadana.org.pe\/reporte-2023\/?s={search_term_string}\"},\"query-input\":{\"@type\":\"PropertyValueSpecification\",\"valueRequired\":true,\"valueName\":\"search_term_string\"}}],\"inLanguage\":\"es\"}]}<\/script>\n<!-- \/ Yoast SEO plugin. -->","yoast_head_json":{"title":"Reporte N\u00aa27 - 1.1. La Producci\u00f3n minera","robots":{"index":"index","follow":"follow","max-snippet":"max-snippet:-1","max-image-preview":"max-image-preview:large","max-video-preview":"max-video-preview:-1"},"canonical":"https:\/\/extractivas.propuestaciudadana.org.pe\/reporte-2023\/generacion-renta-sector-extractivo\/creacion-renta-minera\/produccion-minera\/","og_locale":"es_ES","og_type":"article","og_title":"Reporte N\u00aa27 - 1.1. La Producci\u00f3n minera","og_description":"Participaci&oacute;n del sector minero en el producto bruto interno (PBI) En el 2021, la econom&iacute;a peruana mostr&oacute; se&ntilde;ales de recuperaci&oacute;n luego del declive progresivo de la emergencia sanitaria y del retorno a la normalidad, siendo el sector minero uno de sus principales motores. En el 2020, el&nbsp;PBI real&nbsp;de este sector sum&oacute; S\/ 42,663 millones, lo [&hellip;]","og_url":"https:\/\/extractivas.propuestaciudadana.org.pe\/reporte-2023\/generacion-renta-sector-extractivo\/creacion-renta-minera\/produccion-minera\/","og_site_name":"Reporte N\u00aa27","article_modified_time":"2024-01-26T15:29:43+00:00","twitter_card":"summary_large_image","twitter_misc":{"Tiempo de lectura":"4 minutos"},"schema":{"@context":"https:\/\/schema.org","@graph":[{"@type":"WebPage","@id":"https:\/\/extractivas.propuestaciudadana.org.pe\/reporte-2023\/generacion-renta-sector-extractivo\/creacion-renta-minera\/produccion-minera\/","url":"https:\/\/extractivas.propuestaciudadana.org.pe\/reporte-2023\/generacion-renta-sector-extractivo\/creacion-renta-minera\/produccion-minera\/","name":"Reporte N\u00aa27 - 1.1. La Producci\u00f3n minera","isPartOf":{"@id":"https:\/\/extractivas.propuestaciudadana.org.pe\/reporte-2023\/#website"},"datePublished":"2023-12-11T12:38:32+00:00","dateModified":"2024-01-26T15:29:43+00:00","breadcrumb":{"@id":"https:\/\/extractivas.propuestaciudadana.org.pe\/reporte-2023\/generacion-renta-sector-extractivo\/creacion-renta-minera\/produccion-minera\/#breadcrumb"},"inLanguage":"es","potentialAction":[{"@type":"ReadAction","target":["https:\/\/extractivas.propuestaciudadana.org.pe\/reporte-2023\/generacion-renta-sector-extractivo\/creacion-renta-minera\/produccion-minera\/"]}]},{"@type":"BreadcrumbList","@id":"https:\/\/extractivas.propuestaciudadana.org.pe\/reporte-2023\/generacion-renta-sector-extractivo\/creacion-renta-minera\/produccion-minera\/#breadcrumb","itemListElement":[{"@type":"ListItem","position":1,"name":"II. Generaci\u00f3n de la renta en el sector extractivo","item":"https:\/\/extractivas.propuestaciudadana.org.pe\/reporte-2023\/generacion-renta-sector-extractivo\/"},{"@type":"ListItem","position":2,"name":"1. Creaci\u00f3n de la renta minera","item":"https:\/\/extractivas.propuestaciudadana.org.pe\/reporte-2023\/generacion-renta-sector-extractivo\/creacion-renta-minera\/"},{"@type":"ListItem","position":3,"name":"1.1. La Producci\u00f3n minera"}]},{"@type":"WebSite","@id":"https:\/\/extractivas.propuestaciudadana.org.pe\/reporte-2023\/#website","url":"https:\/\/extractivas.propuestaciudadana.org.pe\/reporte-2023\/","name":"Reporte N\u00aa27","description":"","potentialAction":[{"@type":"SearchAction","target":{"@type":"EntryPoint","urlTemplate":"https:\/\/extractivas.propuestaciudadana.org.pe\/reporte-2023\/?s={search_term_string}"},"query-input":{"@type":"PropertyValueSpecification","valueRequired":true,"valueName":"search_term_string"}}],"inLanguage":"es"}]}},"_links":{"self":[{"href":"https:\/\/extractivas.propuestaciudadana.org.pe\/reporte-2023\/wp-json\/wp\/v2\/pages\/209","targetHints":{"allow":["GET"]}}],"collection":[{"href":"https:\/\/extractivas.propuestaciudadana.org.pe\/reporte-2023\/wp-json\/wp\/v2\/pages"}],"about":[{"href":"https:\/\/extractivas.propuestaciudadana.org.pe\/reporte-2023\/wp-json\/wp\/v2\/types\/page"}],"author":[{"embeddable":true,"href":"https:\/\/extractivas.propuestaciudadana.org.pe\/reporte-2023\/wp-json\/wp\/v2\/users\/1"}],"replies":[{"embeddable":true,"href":"https:\/\/extractivas.propuestaciudadana.org.pe\/reporte-2023\/wp-json\/wp\/v2\/comments?post=209"}],"version-history":[{"count":27,"href":"https:\/\/extractivas.propuestaciudadana.org.pe\/reporte-2023\/wp-json\/wp\/v2\/pages\/209\/revisions"}],"predecessor-version":[{"id":648,"href":"https:\/\/extractivas.propuestaciudadana.org.pe\/reporte-2023\/wp-json\/wp\/v2\/pages\/209\/revisions\/648"}],"up":[{"embeddable":true,"href":"https:\/\/extractivas.propuestaciudadana.org.pe\/reporte-2023\/wp-json\/wp\/v2\/pages\/15"}],"wp:attachment":[{"href":"https:\/\/extractivas.propuestaciudadana.org.pe\/reporte-2023\/wp-json\/wp\/v2\/media?parent=209"}],"curies":[{"name":"wp","href":"https:\/\/api.w.org\/{rel}","templated":true}]}}